{"id":256,"date":"2023-07-16T12:25:10","date_gmt":"2023-07-16T10:25:10","guid":{"rendered":"https:\/\/chiemgau.server-bock.de\/?page_id=256"},"modified":"2025-06-11T01:14:09","modified_gmt":"2025-06-10T23:14:09","slug":"presse","status":"publish","type":"page","link":"https:\/\/www.historischer-chiemgau.de\/?page_id=256","title":{"rendered":"Presse"},"content":{"rendered":"\n<div class=\"wp-block-media-text alignwide is-stacked-on-mobile\"><figure class=\"wp-block-media-text__media\"><img loading=\"lazy\" decoding=\"async\" width=\"777\" height=\"1024\" src=\"http:\/\/chiemgau.server-bock.de\/wp-content\/uploads\/2023\/07\/109316736_629542410998275_5626028359039122156_n-777x1024.jpg\" alt=\"\" class=\"wp-image-259 size-full\" srcset=\"https:\/\/www.historischer-chiemgau.de\/wp-content\/uploads\/2023\/07\/109316736_629542410998275_5626028359039122156_n-777x1024.jpg 777w, https:\/\/www.historischer-chiemgau.de\/wp-content\/uploads\/2023\/07\/109316736_629542410998275_5626028359039122156_n-228x300.jpg 228w, https:\/\/www.historischer-chiemgau.de\/wp-content\/uploads\/2023\/07\/109316736_629542410998275_5626028359039122156_n-768x1012.jpg 768w, https:\/\/www.historischer-chiemgau.de\/wp-content\/uploads\/2023\/07\/109316736_629542410998275_5626028359039122156_n-508x669.jpg 508w, https:\/\/www.historischer-chiemgau.de\/wp-content\/uploads\/2023\/07\/109316736_629542410998275_5626028359039122156_n.jpg 1080w\" sizes=\"(max-width: 777px) 100vw, 777px\" \/><\/figure><div class=\"wp-block-media-text__content\">\n<p>Hallo Nachbar, 18.07.2020<\/p>\n\n\n\n<p>Neue Kan\u00e4le f\u00fcr altes Material<\/p>\n<\/div><\/div>\n\n\n\n<figure class=\"wp-block-image size-large\"><img loading=\"lazy\" decoding=\"async\" width=\"766\" height=\"1024\" src=\"https:\/\/chiemgau.server-bock.de\/wp-content\/uploads\/2023\/07\/Jahresrueckblick-2021-766x1024.jpg\" alt=\"Jahresr\u00fcckblick 2021 in Hallo Nachbar\" class=\"wp-image-298\" srcset=\"https:\/\/www.historischer-chiemgau.de\/wp-content\/uploads\/2023\/07\/Jahresrueckblick-2021-766x1024.jpg 766w, https:\/\/www.historischer-chiemgau.de\/wp-content\/uploads\/2023\/07\/Jahresrueckblick-2021-225x300.jpg 225w, https:\/\/www.historischer-chiemgau.de\/wp-content\/uploads\/2023\/07\/Jahresrueckblick-2021-768x1026.jpg 768w, https:\/\/www.historischer-chiemgau.de\/wp-content\/uploads\/2023\/07\/Jahresrueckblick-2021-508x679.jpg 508w, https:\/\/www.historischer-chiemgau.de\/wp-content\/uploads\/2023\/07\/Jahresrueckblick-2021.jpg 1080w\" sizes=\"(max-width: 766px) 100vw, 766px\" \/><\/figure>\n\n\n\n<figure class=\"wp-block-image size-large\"><img loading=\"lazy\" decoding=\"async\" width=\"1024\" height=\"903\" src=\"https:\/\/chiemgau.server-bock.de\/wp-content\/uploads\/2023\/07\/Sonder-1024x903.jpg\" alt=\"\" class=\"wp-image-491\" srcset=\"https:\/\/www.historischer-chiemgau.de\/wp-content\/uploads\/2023\/07\/Sonder-1024x903.jpg 1024w, https:\/\/www.historischer-chiemgau.de\/wp-content\/uploads\/2023\/07\/Sonder-300x265.jpg 300w, https:\/\/www.historischer-chiemgau.de\/wp-content\/uploads\/2023\/07\/Sonder-768x678.jpg 768w, https:\/\/www.historischer-chiemgau.de\/wp-content\/uploads\/2023\/07\/Sonder-508x448.jpg 508w, https:\/\/www.historischer-chiemgau.de\/wp-content\/uploads\/2023\/07\/Sonder.jpg 1061w\" sizes=\"(max-width: 1024px) 100vw, 1024px\" \/><\/figure>\n\n\n\n<p class=\"has-text-align-center\">Ein toller Beitrag in Hallo Nachbar zum neuen Buch von Schriftstellerin Christiane Tramnitz, <\/p>\n\n\n\n<p class=\"has-text-align-center\">Kann man schon mal Stolz sein das hier der Historischer Chiemgau erw\u00e4hnt wird.<\/p>\n\n\n\n<div data-wp-interactive=\"\" class=\"wp-block-file\"><object data-wp-bind--hidden=\"!selectors.core.file.hasPdfPreview\" hidden class=\"wp-block-file__embed\" data=\"https:\/\/chiemgau.server-bock.de\/wp-content\/uploads\/2023\/07\/Traunstein_-Traditionsgeschaeft-Liegl-am-Kniebos-von-Guenther-Hoffmann-im-Miniaturformat-nachgebaut.pdf\" type=\"application\/pdf\" style=\"width:100%;height:600px\" aria-label=\"Einbettung von Traunstein_-Traditionsgeschaeft-Liegl-am-Kniebos-von-Guenther-Hoffmann-im-Miniaturformat-nachgebaut.\"><\/object><a id=\"wp-block-file--media-096d443a-9a53-4d5b-ac44-55cc04b030b2\" href=\"https:\/\/chiemgau.server-bock.de\/wp-content\/uploads\/2023\/07\/Traunstein_-Traditionsgeschaeft-Liegl-am-Kniebos-von-Guenther-Hoffmann-im-Miniaturformat-nachgebaut.pdf\">Traunstein_-Traditionsgeschaeft-Liegl-am-Kniebos-von-Guenther-Hoffmann-im-Miniaturformat-nachgebaut<\/a><a href=\"https:\/\/chiemgau.server-bock.de\/wp-content\/uploads\/2023\/07\/Traunstein_-Traditionsgeschaeft-Liegl-am-Kniebos-von-Guenther-Hoffmann-im-Miniaturformat-nachgebaut.pdf\" class=\"wp-block-file__button wp-element-button\" download aria-describedby=\"wp-block-file--media-096d443a-9a53-4d5b-ac44-55cc04b030b2\">Herunterladen<\/a><\/div>\n\n\n\n<p class=\"has-text-align-center\"><strong>Miniaturwelt &#8222;Der Liegl&#8220;<\/strong><\/p>\n\n\n\n<p class=\"has-text-align-center\">Ein faszinierendes Projekt aus der Gruppe entstand;<\/p>\n\n\n\n<p class=\"has-text-align-center\">ein altes Bild der Messerschleiferei Liegl in Traunstein wurde gezeigt;<\/p>\n\n\n\n<p class=\"has-text-align-center\">davon inspiriert wurde der K\u00fcnstler \u201eSpirou\u201c alias G\u00fcnther Hoffmann&nbsp;aufmerksam;<\/p>\n\n\n\n<p class=\"has-text-align-center\">in kurzer Zeit baute G\u00fcnther in feinster Kleinarbeit die Miniaturwelt;<\/p>\n\n\n\n<p class=\"has-text-align-center\"><\/p>\n\n\n\n<p class=\"has-text-align-center\">Ich bedanke mich herzlichst bei G\u00fcnther f\u00fcr die k\u00fcnstlerisch hochwertige Miniaturwelt, der Liegl wird hier wieder lebendig, man m\u00f6chte einfach nur zur T\u00fcr rein und ein Messer kaufen.<\/p>\n\n\n\n<p><\/p>\n\n\n\n<p><\/p>\n\n\n\n<figure class=\"wp-block-image size-large\"><img loading=\"lazy\" decoding=\"async\" width=\"685\" height=\"1024\" src=\"https:\/\/chiemgau.server-bock.de\/wp-content\/uploads\/2023\/07\/Screenshot_20200817_121632-685x1024.jpg\" alt=\"\" class=\"wp-image-825\" srcset=\"https:\/\/www.historischer-chiemgau.de\/wp-content\/uploads\/2023\/07\/Screenshot_20200817_121632-685x1024.jpg 685w, https:\/\/www.historischer-chiemgau.de\/wp-content\/uploads\/2023\/07\/Screenshot_20200817_121632-201x300.jpg 201w, https:\/\/www.historischer-chiemgau.de\/wp-content\/uploads\/2023\/07\/Screenshot_20200817_121632-768x1148.jpg 768w, https:\/\/www.historischer-chiemgau.de\/wp-content\/uploads\/2023\/07\/Screenshot_20200817_121632-1028x1536.jpg 1028w, https:\/\/www.historischer-chiemgau.de\/wp-content\/uploads\/2023\/07\/Screenshot_20200817_121632-508x759.jpg 508w, https:\/\/www.historischer-chiemgau.de\/wp-content\/uploads\/2023\/07\/Screenshot_20200817_121632.jpg 1080w\" sizes=\"(max-width: 685px) 100vw, 685px\" \/><figcaption class=\"wp-element-caption\">Vorstellung bei der Br\u00fcckner Group<\/figcaption><\/figure>\n\n\n\n<p><\/p>\n\n\n\n<figure class=\"wp-block-image size-large\"><img loading=\"lazy\" decoding=\"async\" width=\"1024\" height=\"461\" src=\"https:\/\/chiemgau.server-bock.de\/wp-content\/uploads\/2023\/07\/281829970_1037074276911751_46643183935234485_n-1024x461.jpg\" alt=\"\" class=\"wp-image-1616\" srcset=\"https:\/\/www.historischer-chiemgau.de\/wp-content\/uploads\/2023\/07\/281829970_1037074276911751_46643183935234485_n-1024x461.jpg 1024w, https:\/\/www.historischer-chiemgau.de\/wp-content\/uploads\/2023\/07\/281829970_1037074276911751_46643183935234485_n-300x135.jpg 300w, https:\/\/www.historischer-chiemgau.de\/wp-content\/uploads\/2023\/07\/281829970_1037074276911751_46643183935234485_n-768x346.jpg 768w, https:\/\/www.historischer-chiemgau.de\/wp-content\/uploads\/2023\/07\/281829970_1037074276911751_46643183935234485_n-1536x692.jpg 1536w, https:\/\/www.historischer-chiemgau.de\/wp-content\/uploads\/2023\/07\/281829970_1037074276911751_46643183935234485_n-1240x558.jpg 1240w, https:\/\/www.historischer-chiemgau.de\/wp-content\/uploads\/2023\/07\/281829970_1037074276911751_46643183935234485_n-508x229.jpg 508w, https:\/\/www.historischer-chiemgau.de\/wp-content\/uploads\/2023\/07\/281829970_1037074276911751_46643183935234485_n.jpg 2048w\" sizes=\"(max-width: 1024px) 100vw, 1024px\" \/><\/figure>\n\n\n\n<div data-wp-interactive=\"\" class=\"wp-block-file\"><object data-wp-bind--hidden=\"!selectors.core.file.hasPdfPreview\" hidden class=\"wp-block-file__embed\" data=\"https:\/\/chiemgau.server-bock.de\/wp-content\/uploads\/2023\/08\/Blaue-Wand-und-Schinder-Hoell_-Woher-die-Strassennamen-bei-Traunstein-Siegsdorf-Vachendorf-kommen.pdf\" type=\"application\/pdf\" style=\"width:100%;height:600px\" aria-label=\"Einbettung von Blaue-Wand-und-Schinder-Hoell_-Woher-die-Strassennamen-bei-Traunstein-Siegsdorf-Vachendorf-kommen.\"><\/object><a id=\"wp-block-file--media-3e05c728-e9dd-4c29-a21d-c0f65ba74ab5\" href=\"https:\/\/chiemgau.server-bock.de\/wp-content\/uploads\/2023\/08\/Blaue-Wand-und-Schinder-Hoell_-Woher-die-Strassennamen-bei-Traunstein-Siegsdorf-Vachendorf-kommen.pdf\">Blaue-Wand-und-Schinder-Hoell_-Woher-die-Strassennamen-bei-Traunstein-Siegsdorf-Vachendorf-kommen<\/a><a href=\"https:\/\/chiemgau.server-bock.de\/wp-content\/uploads\/2023\/08\/Blaue-Wand-und-Schinder-Hoell_-Woher-die-Strassennamen-bei-Traunstein-Siegsdorf-Vachendorf-kommen.pdf\" class=\"wp-block-file__button wp-element-button\" download aria-describedby=\"wp-block-file--media-3e05c728-e9dd-4c29-a21d-c0f65ba74ab5\">Herunterladen<\/a><\/div>\n\n\n\n<figure class=\"wp-block-image size-full\"><img loading=\"lazy\" decoding=\"async\" width=\"641\" height=\"873\" src=\"https:\/\/www.historischer-chiemgau.de\/wp-content\/uploads\/2023\/08\/Hallo-Nachbar-30.08.jpg\" alt=\"\" class=\"wp-image-4783\" srcset=\"https:\/\/www.historischer-chiemgau.de\/wp-content\/uploads\/2023\/08\/Hallo-Nachbar-30.08.jpg 641w, https:\/\/www.historischer-chiemgau.de\/wp-content\/uploads\/2023\/08\/Hallo-Nachbar-30.08-220x300.jpg 220w, https:\/\/www.historischer-chiemgau.de\/wp-content\/uploads\/2023\/08\/Hallo-Nachbar-30.08-508x692.jpg 508w\" sizes=\"(max-width: 641px) 100vw, 641px\" \/><\/figure>\n\n\n\n<p>Geschichte digital erleben, erschienen am 30.08.2023<\/p>\n\n\n\n<figure class=\"wp-block-image size-full\"><img loading=\"lazy\" decoding=\"async\" width=\"715\" height=\"935\" src=\"https:\/\/www.historischer-chiemgau.de\/wp-content\/uploads\/2024\/06\/19.06.2024-Hallo-Nachbar.jpg\" alt=\"\" class=\"wp-image-5289\" srcset=\"https:\/\/www.historischer-chiemgau.de\/wp-content\/uploads\/2024\/06\/19.06.2024-Hallo-Nachbar.jpg 715w, https:\/\/www.historischer-chiemgau.de\/wp-content\/uploads\/2024\/06\/19.06.2024-Hallo-Nachbar-229x300.jpg 229w, https:\/\/www.historischer-chiemgau.de\/wp-content\/uploads\/2024\/06\/19.06.2024-Hallo-Nachbar-508x664.jpg 508w\" sizes=\"(max-width: 715px) 100vw, 715px\" \/><figcaption class=\"wp-element-caption\">Artikel vom 19.06.2024 in Hallo Nachbar<\/figcaption><\/figure>\n\n\n\n<p><strong>Der Moment, als Bomben auf Traunstein fielen<\/strong>; erschienen in Salzburger Nachrichten am 22.04.2025<\/p>\n\n\n\n<p><a href=\"https:\/\/www.sn.at\/salzburg\/chronik\/der-moment-bomben-traunstein-177085843\">Der Moment, als Bomben auf Traunstein fielen | SN.at<\/a><\/p>\n\n\n\n<p><strong>80 Jahre Kriegsende<\/strong><\/p>\n\n\n\n<figure class=\"wp-block-embed is-type-video is-provider-youtube wp-block-embed-youtube wp-embed-aspect-16-9 wp-has-aspect-ratio\"><div class=\"wp-block-embed__wrapper\">\n<iframe loading=\"lazy\" title=\"&quot;Bedeutender Moment&quot;: US-Weltkriegsveteran besucht Chiemsee\" width=\"600\" height=\"338\" src=\"https:\/\/www.youtube.com\/embed\/S-3qM4KL30s?feature=oembed\" frameborder=\"0\" allow=\"accelerometer; autoplay; clipboard-write; encrypted-media; gyroscope; picture-in-picture; web-share\" referrerpolicy=\"strict-origin-when-cross-origin\" allowfullscreen><\/iframe>\n<\/div><\/figure>\n\n\n\n<p><a href=\"https:\/\/www.sn.at\/salzburg\/chronik\/bedeutender-moment-us-weltkriegsveteran-chiemsee-178044634?fbclid=IwY2xjawK1fV5leHRuA2FlbQIxMABicmlkETBlRHpsbXNYa1NOTjBvaldrAR66BBZv0D22yRi-xJzPyjtbf1wKf1ACOR4O2kiYQDwWqFwIzmKaqDAQc8VUfw_aem_SnM_DWnR8PttqgpnNkkC5w\">Video: &#8222;Bedeutender Moment&#8220;: US-Weltkriegsveteran besucht Chiemsee | SN.at<\/a><\/p>\n\n\n\n<figure class=\"wp-block-image size-full\"><img loading=\"lazy\" decoding=\"async\" width=\"696\" height=\"920\" src=\"https:\/\/www.historischer-chiemgau.de\/wp-content\/uploads\/2025\/06\/Screenshot-48.png\" alt=\"\" class=\"wp-image-5591\" srcset=\"https:\/\/www.historischer-chiemgau.de\/wp-content\/uploads\/2025\/06\/Screenshot-48.png 696w, https:\/\/www.historischer-chiemgau.de\/wp-content\/uploads\/2025\/06\/Screenshot-48-227x300.png 227w, https:\/\/www.historischer-chiemgau.de\/wp-content\/uploads\/2025\/06\/Screenshot-48-508x671.png 508w\" sizes=\"(max-width: 696px) 100vw, 696px\" \/><\/figure>\n","protected":false},"excerpt":{"rendered":"<p>Hallo Nachbar, 18.07.2020 Neue Kan\u00e4le f\u00fcr altes Material Ein toller Beitrag in Hallo Nachbar zum neuen Buch von Schriftstellerin Christiane Tramnitz, Kann man schon mal Stolz sein das hier der Historischer Chiemgau erw\u00e4hnt wird. Miniaturwelt &#8222;Der Liegl&#8220; Ein faszinierendes Projekt aus der Gruppe entstand; ein altes Bild der Messerschleiferei Liegl in Traunstein wurde gezeigt; davon [&hellip;]<\/p>\n","protected":false},"author":2,"featured_media":0,"parent":0,"menu_order":0,"comment_status":"closed","ping_status":"closed","template":"","meta":{"ngg_post_thumbnail":0,"footnotes":""},"aioseo_notices":[],"_links":{"self":[{"href":"https:\/\/www.historischer-chiemgau.de\/index.php?rest_route=\/wp\/v2\/pages\/256"}],"collection":[{"href":"https:\/\/www.historischer-chiemgau.de\/index.php?rest_route=\/wp\/v2\/pages"}],"about":[{"href":"https:\/\/www.historischer-chiemgau.de\/index.php?rest_route=\/wp\/v2\/types\/page"}],"author":[{"embeddable":true,"href":"https:\/\/www.historischer-chiemgau.de\/index.php?rest_route=\/wp\/v2\/users\/2"}],"replies":[{"embeddable":true,"href":"https:\/\/www.historischer-chiemgau.de\/index.php?rest_route=%2Fwp%2Fv2%2Fcomments&post=256"}],"version-history":[{"count":14,"href":"https:\/\/www.historischer-chiemgau.de\/index.php?rest_route=\/wp\/v2\/pages\/256\/revisions"}],"predecessor-version":[{"id":5592,"href":"https:\/\/www.historischer-chiemgau.de\/index.php?rest_route=\/wp\/v2\/pages\/256\/revisions\/5592"}],"wp:attachment":[{"href":"https:\/\/www.historischer-chiemgau.de\/index.php?rest_route=%2Fwp%2Fv2%2Fmedia&parent=256"}],"curies":[{"name":"wp","href":"https:\/\/api.w.org\/{rel}","templated":true}]}}